{"id":2,"date":"2026-03-10T11:23:27","date_gmt":"2026-03-10T10:23:27","guid":{"rendered":"https:\/\/vigarat.gralczyk.net\/?page_id=2"},"modified":"2026-03-29T11:08:25","modified_gmt":"2026-03-29T09:08:25","slug":"przykladowa-strona","status":"publish","type":"page","link":"https:\/\/vigarat.gralczyk.net\/","title":{"rendered":"W nurcie"},"content":{"rendered":"\n<p><strong>Witaj!<\/strong><\/p>\n\n\n\n<p>Nazywam si\u0119 <strong>Jacek Gralczyk,<\/strong> a to jest miejsce, w kt\u00f3rym dziel\u0119 si\u0119 wiedz\u0105 i do\u015bwiadczeniem z mojej pracy zawodowej.<\/p>\n\n\n\n<p>Chcia\u0142bym, aby \u201e<strong>Nurty lokalne\u201d<\/strong> by\u0142y blogiem, kt\u00f3ry wzmacnia jako\u015b\u0107 proces\u00f3w tworz\u0105cych lokalno\u015b\u0107 \u2013 porz\u0105dkuje wiedz\u0119, t\u0142umaczy z\u0142o\u017cono\u015bci prawa i strategii, buduje mosty mi\u0119dzy polityk\u0105 spo\u0142eczn\u0105, kultur\u0105 i codzienn\u0105 praktyk\u0105 samorz\u0105dow\u0105.\u00a0<\/p>\n\n\n\n<p>Chce wspiera\u0107 osoby pracuj\u0105ce w samorz\u0105dach, instytucjach pomocy spo\u0142ecznej, organizacjach pozarz\u0105dowych, podmiotach ekonomii spo\u0142ecznej, tak aby mog\u0142y podejmowa\u0107 decyzje bardziej \u015bwiadomie, odpowiedzialnie i d\u0142ugofalowo. Tu analiza spotka si\u0119 z do\u015bwiadczeniem, dokumenty i akty prawne z realnym \u017cyciem wsp\u00f3lnot.<\/p>\n\n\n\n<p>R\u00f3wnocze\u015bnie <strong>\u201eNurty lokalne\u201d<\/strong> maj\u0105 pos\u0142u\u017cy\u0107 za przestrze\u0144 refleksji nad kondycj\u0105 lokalno\u015bci w Polsce. Nie s\u0105 jedynie komentarzem do rzeczywisto\u015bci. Ich zadaniem jest pomaga\u0107 w lepszym rozumieniu systemu, trafniejszym diagnozowaniu potrzeb, m\u0105drzejszym projektowaniu strategii oraz skuteczniejszym wdra\u017caniu us\u0142ug spo\u0142ecznych. To blog o kierunkach, jakie obieraj\u0105 spo\u0142eczno\u015bci lokalne, i o \u017ar\u00f3d\u0142ach, z kt\u00f3rych te kierunki wyp\u0142ywaj\u0105.<\/p>\n\n\n\n<details class=\"wp-block-details is-layout-flow wp-block-details-is-layout-flow\"><summary><strong>Dlaczego \u201eNurty\u201d?<\/strong><\/summary>\n<div class=\"wp-block-group\"><div class=\"wp-block-group__inner-container is-layout-constrained wp-block-group-is-layout-constrained\">\n<p>Bo \u017cycie spo\u0142eczne przypomina rzek\u0119:<\/p>\n\n\n\n<ul class=\"wp-block-list\">\n<li>Ma swoje \u017ar\u00f3d\u0142a w prawie, strategiach i diagnozach\u2026<\/li>\n\n\n\n<li>Ma g\u0142\u00f3wny nurt \u2013 w us\u0142ugach spo\u0142ecznych, kulturze, ekonomii spo\u0142ecznej\u2026<\/li>\n\n\n\n<li>Ma dop\u0142ywy \u2013 w partnerstwach, finansowaniu, lokalnych inicjatywach\u2026<\/li>\n\n\n\n<li>Ma brzegi oraz dorzecze \u2013 miejsce obserwacji, refleksji i namys\u0142u, a ich mapowanie jest wa\u017cnym celem tego blogu.<\/li>\n<\/ul>\n<\/div><\/div>\n<\/details>\n\n\n\n<details class=\"wp-block-details is-layout-flow wp-block-details-is-layout-flow\"><summary><strong>O czym tu przeczytasz?<\/strong><br><\/summary>\n<p>W dziale <strong>\u201e\u0179r\u00f3d\u0142a i kierunki\u201d<\/strong> analizuj\u0119:<\/p>\n\n\n\n<ul class=\"wp-block-list\">\n<li>ustawy i zmiany legislacyjne,<\/li>\n\n\n\n<li>strategie rozwoju i dokumenty lokalne,<\/li>\n\n\n\n<li>procesy deinstytucjonalizacji,<\/li>\n\n\n\n<li>modele organizacji us\u0142ug spo\u0142ecznych,<\/li>\n\n\n\n<li>ekonomi\u0119 spo\u0142eczn\u0105 i finansowanie dzia\u0142a\u0144 wsp\u00f3lnotowych.<\/li>\n<\/ul>\n\n\n\n<p>W dziale <strong>\u201eNa brzegu rzeki spraw\u201d<\/strong>:<\/p>\n\n\n\n<ul class=\"wp-block-list\">\n<li>zastawiam si\u0119, dok\u0105d p\u0142ynie lokalno\u015b\u0107.<\/li>\n\n\n\n<li>komentuj\u0119 zjawiska spo\u0142eczne,<\/li>\n\n\n\n<li>recenzuj\u0119 ksi\u0105\u017cki i raporty,<\/li>\n\n\n\n<li>polecam podcasty i publikacje,<\/li>\n<\/ul>\n<\/details>\n\n\n\n<details class=\"wp-block-details is-layout-flow wp-block-details-is-layout-flow\"><summary><strong>O autorze<\/strong><br><\/summary>\n<p>Jestem W\u0119drownym Sztukmistrzem Idei, bo nieustannie jestem w Drodze, bo moimi towarzyszkami s\u0105 spo\u0142eczne i kulturowe Idee, a moj\u0105 domen\u0105 jest sztuka zmieniania ich w Rzeczywisto\u015b\u0107. <br>Robi\u0119 to zajmuj\u0105c si\u0119:<\/p>\n\n\n\n<ul class=\"wp-block-list\">\n<li><strong>edukacj\u0105<\/strong> doros\u0142ych we wszystkich mo\u017cliwych odcieniach <\/li>\n\n\n\n<li><strong>moderuj\u0105c<\/strong> procesy partnerstwa i wsp\u00f3\u0142pracy<\/li>\n\n\n\n<li>tworzeniem <strong>diagnoz<\/strong> lokalnych,<\/li>\n\n\n\n<li>projektowaniem <strong>strategii<\/strong> spo\u0142ecznych,<\/li>\n\n\n\n<li>wspieraniem rozwoju <strong>us\u0142ug spo\u0142ecznych<\/strong>,<\/li>\n\n\n\n<li>doradztwem w obszarze <strong>ekonomii spo\u0142ecznej<\/strong>,<\/li>\n\n\n\n<li>rozwojem <strong>NGO<\/strong><\/li>\n\n\n\n<li>praktykowaniem <strong>animacji<\/strong> spo\u0142ecznej i kulturowej<\/li>\n<\/ul>\n\n\n\n<p>Pracuj\u0119 na styku analiz, aktywizacji spo\u0142eczno\u015bci lokalnych, edukacji i praktyki samorz\u0105dowej.<br>Wierz\u0119, \u017ce solidaryzm to nie deklaracja, niezb\u0119dny d\u017awigar architektury dzia\u0142a\u0144.<br>Ka\u017cdego dnia sp\u0142acam d\u0142ug spo\u0142ecznych, kt\u00f3ry zaci\u0105gn\u0105\u0142em spotykaj\u0105c ludzi na mojej drodze. <\/p>\n<\/details>\n\n\n\n<details class=\"wp-block-details is-layout-flow wp-block-details-is-layout-flow\"><summary><strong>O VIGARAT<\/strong><\/summary>\n<p><br><strong>VIGARAT<\/strong>&nbsp;to fima\/pomys\u0142 na niezale\u017cno\u015b\u0107 osobistej aktywno\u015bci zawodowej. To te\u017c spos\u00f3b na organizowanie wsp\u00f3\u0142pracy z moimi Przyjaci\u00f3\u0142mi z ca\u0142ej Polski i z zagranicy. Podejmuj\u0105c wsp\u00f3\u0142prac\u0119 z VIGARAT, uzyskujesz dost\u0119p nie tylko do mojej osobistej oferty, ale tak\u017ce mo\u017cliwo\u015b\u0107 dotarcia do najlepszych edukator\u00f3w oraz animator\u00f3w kulturalnych i animator\u00f3w spo\u0142ecznych z terenu ca\u0142ej Polski. Wsp\u00f3\u0142pracuj\u0119 tak\u017ce ze \u015brodowiskami badawczymi i akademickimi z terenu ca\u0142ego kraju. <br>Zapraszam do kontaktu wszystkich, kt\u00f3rzy:<\/p>\n\n\n\n<ul class=\"wp-block-list\">\n<li>planuj\u0105 dowoln\u0105&nbsp;<strong>zmian\u0119 spo\u0142eczn\u0105<\/strong>, niezale\u017cnie, czy w skali mikro czy makro,<\/li>\n\n\n\n<li>chc\u0105 modernizowa\u0107 i poprawia\u0107 prac\u0119&nbsp;<strong>zespo\u0142\u00f3w<\/strong>&nbsp;zadaniowych,&nbsp;<strong>organizacji<\/strong>,&nbsp;<strong>instytucji<\/strong>, czy&nbsp;<strong>urz\u0119d\u00f3w<\/strong>,<\/li>\n\n\n\n<li>zamierzaj\u0105 organizowa\u0107&nbsp;<strong>edukacj\u0119 doros\u0142ych<\/strong>&nbsp;na dowolnym szczeblu,<\/li>\n\n\n\n<li>szukaj\u0105 wsparcia, organizuj\u0105c&nbsp;<strong>spo\u0142eczno\u015bci lokalne<\/strong>&nbsp;do wszelkich dzia\u0142a\u0144 wsp\u00f3lnotowych, np. rewitalizacji, partycypacji spo\u0142ecznej, projektowania us\u0142ug spo\u0142ecznych itp.,<\/li>\n\n\n\n<li>chc\u0105 podnie\u015b\u0107 jako\u015b\u0107&nbsp;<strong>animacji kulturalnej i spo\u0142ecznej<\/strong>&nbsp;prowadzonej przez lokalne instytucje kultury, pomocy spo\u0142ecznej lub organizacje pozarz\u0105dowe,<\/li>\n\n\n\n<li>szukaj\u0105 mo\u017cliwo\u015bci przeprowadzania skutecznej&nbsp;<strong>diagnozy spo\u0142ecznej<\/strong>, szczeg\u00f3lnie maj\u0105cej&nbsp;<strong>partycypacyjny<\/strong>&nbsp;charakter.<\/li>\n<\/ul>\n\n\n\n<p><strong>Przez VIGARAT traficie szybko do os\u00f3b i \u015brodowisk, kt\u00f3re skutecznie Was wespr\u0105!<\/strong><\/p>\n<\/details>\n","protected":false},"excerpt":{"rendered":"<p>Witaj! Nazywam si\u0119 Jacek Gralczyk, a to jest miejsce, w kt\u00f3rym dziel\u0119 si\u0119 wiedz\u0105 i do\u015bwiadczeniem z mojej pracy zawodowej. Chcia\u0142bym, aby \u201eNurty lokalne\u201d by\u0142y blogiem, kt\u00f3ry wzmacnia jako\u015b\u0107 proces\u00f3w tworz\u0105cych lokalno\u015b\u0107 \u2013 porz\u0105dkuje wiedz\u0119, t\u0142umaczy z\u0142o\u017cono\u015bci prawa i strategii, buduje mosty mi\u0119dzy polityk\u0105 spo\u0142eczn\u0105, kultur\u0105 i codzienn\u0105 praktyk\u0105 samorz\u0105dow\u0105.\u00a0 Chce wspiera\u0107 osoby pracuj\u0105ce w [&hellip;]<\/p>\n","protected":false},"author":1,"featured_media":0,"parent":0,"menu_order":0,"comment_status":"closed","ping_status":"open","template":"","meta":{"footnotes":""},"class_list":["post-2","page","type-page","status-publish","hentry"],"jetpack_sharing_enabled":true,"_links":{"self":[{"href":"https:\/\/vigarat.gralczyk.net\/index.php?rest_route=\/wp\/v2\/pages\/2","targetHints":{"allow":["GET"]}}],"collection":[{"href":"https:\/\/vigarat.gralczyk.net\/index.php?rest_route=\/wp\/v2\/pages"}],"about":[{"href":"https:\/\/vigarat.gralczyk.net\/index.php?rest_route=\/wp\/v2\/types\/page"}],"author":[{"embeddable":true,"href":"https:\/\/vigarat.gralczyk.net\/index.php?rest_route=\/wp\/v2\/users\/1"}],"replies":[{"embeddable":true,"href":"https:\/\/vigarat.gralczyk.net\/index.php?rest_route=%2Fwp%2Fv2%2Fcomments&post=2"}],"version-history":[{"count":8,"href":"https:\/\/vigarat.gralczyk.net\/index.php?rest_route=\/wp\/v2\/pages\/2\/revisions"}],"predecessor-version":[{"id":80,"href":"https:\/\/vigarat.gralczyk.net\/index.php?rest_route=\/wp\/v2\/pages\/2\/revisions\/80"}],"wp:attachment":[{"href":"https:\/\/vigarat.gralczyk.net\/index.php?rest_route=%2Fwp%2Fv2%2Fmedia&parent=2"}],"curies":[{"name":"wp","href":"https:\/\/api.w.org\/{rel}","templated":true}]}}